{"id":34,"date":"2019-11-11T09:46:24","date_gmt":"2019-11-11T09:46:24","guid":{"rendered":"https:\/\/menuiserie-ferreira.com\/?page_id=34"},"modified":"2021-09-17T11:46:01","modified_gmt":"2021-09-17T11:46:01","slug":"parcours-du-bois","status":"publish","type":"page","link":"https:\/\/menuiserie-ferreira.com\/?page_id=34","title":{"rendered":"Scierie, parcours du bois"},"content":{"rendered":"\n<p>Avant d&rsquo;\u00eatre porte , fen\u00eatre , escalier ou volet le bois a d\u00e9j\u00e0 une histoire   je vais vous la raconter<\/p>\n\n\n\n<p>Pourquoi aller chercher loin la ressource , elle est a c\u00f4t\u00e9 de nous <\/p>\n\n\n\n<p>En parall\u00e8le de la menuiserie une unit\u00e9 de sciage a vu le jour , ce b\u00e2timent contient:<\/p>\n\n\n\n<ul class=\"wp-block-list\"><li>une \u00e9corceuse a fraise<\/li><li>une scie a grume pour gros bois avec alimentation et \u00e9vacuation m\u00e9canis\u00e9e , sciage en cabine a l&rsquo;aide d&rsquo;un calculateur \u00e9lectronique<\/li><li>une scie a grume pour petits bois (ch\u00e2ssis alternatif multi-lames)<\/li><li>scieur fendeur pour la valorisation des d\u00e9chets en bois de chauffage<\/li><li>200 m\u00e8tres d&rsquo;abris b\u00e9tonn\u00e9s et couverts pour le stockage <\/li><\/ul>\n\n\n\n<figure class=\"wp-block-gallery columns-0 is-cropped wp-block-gallery-1 is-layout-flex wp-block-gallery-is-layout-flex\"><ul class=\"blocks-gallery-grid\"><\/ul><\/figure>\n\n\n\n<figure class=\"wp-block-gallery columns-1 is-cropped wp-block-gallery-2 is-layout-flex wp-block-gallery-is-layout-flex\"><ul class=\"blocks-gallery-grid\"><li class=\"blocks-gallery-item\"><figure><a href=\"https:\/\/menuiserie-ferreira.com\/wp-content\/uploads\/2019\/11\/1.jpg\"><img loading=\"lazy\" decoding=\"async\" width=\"500\" height=\"667\" src=\"https:\/\/menuiserie-ferreira.com\/wp-content\/uploads\/2019\/11\/1.jpg\" alt=\"\" data-id=\"73\" data-link=\"https:\/\/menuiserie-ferreira.com\/?attachment_id=73\" class=\"wp-image-73\" srcset=\"https:\/\/menuiserie-ferreira.com\/wp-content\/uploads\/2019\/11\/1.jpg 500w, https:\/\/menuiserie-ferreira.com\/wp-content\/uploads\/2019\/11\/1-225x300.jpg 225w\" sizes=\"auto, (max-width: 500px) 100vw, 500px\" \/><\/a><figcaption class=\"blocks-gallery-item__caption\">le bois est choisi en for\u00eat <\/figcaption><\/figure><\/li><li class=\"blocks-gallery-item\"><figure><a href=\"https:\/\/menuiserie-ferreira.com\/wp-content\/uploads\/2019\/11\/20150725_124433-1024x768.jpg\"><img loading=\"lazy\" decoding=\"async\" width=\"1024\" height=\"768\" src=\"https:\/\/menuiserie-ferreira.com\/wp-content\/uploads\/2019\/11\/20150725_124433-1024x768.jpg\" alt=\"\" data-id=\"90\" data-link=\"https:\/\/menuiserie-ferreira.com\/?attachment_id=90\" class=\"wp-image-90\" srcset=\"https:\/\/menuiserie-ferreira.com\/wp-content\/uploads\/2019\/11\/20150725_124433-1024x768.jpg 1024w, https:\/\/menuiserie-ferreira.com\/wp-content\/uploads\/2019\/11\/20150725_124433-300x225.jpg 300w, https:\/\/menuiserie-ferreira.com\/wp-content\/uploads\/2019\/11\/20150725_124433-768x576.jpg 768w\" sizes=\"auto, (max-width: 767px) 89vw, (max-width: 1000px) 54vw, (max-width: 1071px) 543px, 580px\" \/><\/a><figcaption class=\"blocks-gallery-item__caption\">les arbres sont coup\u00e9s et ramen\u00e9s a la scierie , ou achet\u00e9s livr\u00e9s a des exploitants forestiers<\/figcaption><\/figure><\/li><li class=\"blocks-gallery-item\"><figure><a href=\"https:\/\/menuiserie-ferreira.com\/wp-content\/uploads\/2019\/11\/3.jpg\"><img loading=\"lazy\" decoding=\"async\" width=\"667\" height=\"500\" src=\"https:\/\/menuiserie-ferreira.com\/wp-content\/uploads\/2019\/11\/3.jpg\" alt=\"\" data-id=\"75\" data-link=\"https:\/\/menuiserie-ferreira.com\/?attachment_id=75\" class=\"wp-image-75\" srcset=\"https:\/\/menuiserie-ferreira.com\/wp-content\/uploads\/2019\/11\/3.jpg 667w, https:\/\/menuiserie-ferreira.com\/wp-content\/uploads\/2019\/11\/3-300x225.jpg 300w\" sizes=\"auto, (max-width: 667px) 100vw, 667px\" \/><\/a><figcaption class=\"blocks-gallery-item__caption\">les troncs sont \u00e9corc\u00e9s avant sciage<\/figcaption><\/figure><\/li><li class=\"blocks-gallery-item\"><figure><a href=\"https:\/\/menuiserie-ferreira.com\/wp-content\/uploads\/2019\/11\/sciage-en-cours-1024x768.jpg\"><img loading=\"lazy\" decoding=\"async\" width=\"1024\" height=\"768\" src=\"https:\/\/menuiserie-ferreira.com\/wp-content\/uploads\/2019\/11\/sciage-en-cours-1024x768.jpg\" alt=\"\" data-id=\"66\" data-link=\"https:\/\/menuiserie-ferreira.com\/?attachment_id=66\" class=\"wp-image-66\" srcset=\"https:\/\/menuiserie-ferreira.com\/wp-content\/uploads\/2019\/11\/sciage-en-cours-1024x768.jpg 1024w, https:\/\/menuiserie-ferreira.com\/wp-content\/uploads\/2019\/11\/sciage-en-cours-300x225.jpg 300w, https:\/\/menuiserie-ferreira.com\/wp-content\/uploads\/2019\/11\/sciage-en-cours-768x576.jpg 768w, https:\/\/menuiserie-ferreira.com\/wp-content\/uploads\/2019\/11\/sciage-en-cours.jpg 1600w\" sizes=\"auto, (max-width: 767px) 89vw, (max-width: 1000px) 54vw, (max-width: 1071px) 543px, 580px\" \/><\/a><figcaption class=\"blocks-gallery-item__caption\">d\u00e9coupe \u00e0 diff\u00e9rentes \u00e9paisseurs , ici du fr\u00eane<\/figcaption><\/figure><\/li><li class=\"blocks-gallery-item\"><figure><a href=\"https:\/\/menuiserie-ferreira.com\/wp-content\/uploads\/2019\/11\/sierie-en-cours-1024x768.jpg\"><img loading=\"lazy\" decoding=\"async\" width=\"1024\" height=\"768\" src=\"https:\/\/menuiserie-ferreira.com\/wp-content\/uploads\/2019\/11\/sierie-en-cours-1024x768.jpg\" alt=\"\" data-id=\"67\" data-link=\"https:\/\/menuiserie-ferreira.com\/?attachment_id=67\" class=\"wp-image-67\" srcset=\"https:\/\/menuiserie-ferreira.com\/wp-content\/uploads\/2019\/11\/sierie-en-cours-1024x768.jpg 1024w, https:\/\/menuiserie-ferreira.com\/wp-content\/uploads\/2019\/11\/sierie-en-cours-300x225.jpg 300w, https:\/\/menuiserie-ferreira.com\/wp-content\/uploads\/2019\/11\/sierie-en-cours-768x576.jpg 768w\" sizes=\"auto, (max-width: 767px) 89vw, (max-width: 1000px) 54vw, (max-width: 1071px) 543px, 580px\" \/><\/a><figcaption class=\"blocks-gallery-item__caption\">vue d&rsquo;ensemble de la scie a grume<\/figcaption><\/figure><\/li><li class=\"blocks-gallery-item\"><figure><a href=\"https:\/\/menuiserie-ferreira.com\/wp-content\/uploads\/2019\/11\/6.jpg\"><img loading=\"lazy\" decoding=\"async\" width=\"667\" height=\"500\" src=\"https:\/\/menuiserie-ferreira.com\/wp-content\/uploads\/2019\/11\/6.jpg\" alt=\"\" data-id=\"78\" data-link=\"https:\/\/menuiserie-ferreira.com\/?attachment_id=78\" class=\"wp-image-78\" srcset=\"https:\/\/menuiserie-ferreira.com\/wp-content\/uploads\/2019\/11\/6.jpg 667w, https:\/\/menuiserie-ferreira.com\/wp-content\/uploads\/2019\/11\/6-300x225.jpg 300w\" sizes=\"auto, (max-width: 667px) 100vw, 667px\" \/><\/a><figcaption class=\"blocks-gallery-item__caption\">le bois est ensuite empil\u00e9 avec soin <\/figcaption><\/figure><\/li><li class=\"blocks-gallery-item\"><figure><a href=\"https:\/\/menuiserie-ferreira.com\/wp-content\/uploads\/2019\/11\/8.jpg\"><img loading=\"lazy\" decoding=\"async\" width=\"667\" height=\"500\" src=\"https:\/\/menuiserie-ferreira.com\/wp-content\/uploads\/2019\/11\/8.jpg\" alt=\"\" data-id=\"80\" data-link=\"https:\/\/menuiserie-ferreira.com\/?attachment_id=80\" class=\"wp-image-80\" srcset=\"https:\/\/menuiserie-ferreira.com\/wp-content\/uploads\/2019\/11\/8.jpg 667w, https:\/\/menuiserie-ferreira.com\/wp-content\/uploads\/2019\/11\/8-300x225.jpg 300w\" sizes=\"auto, (max-width: 667px) 100vw, 667px\" \/><\/a><figcaption class=\"blocks-gallery-item__caption\">il s\u00e8chera pendant plusieurs ann\u00e9es<\/figcaption><\/figure><\/li><li class=\"blocks-gallery-item\"><figure><a href=\"https:\/\/menuiserie-ferreira.com\/wp-content\/uploads\/2019\/11\/9.jpg\"><img loading=\"lazy\" decoding=\"async\" width=\"667\" height=\"500\" src=\"https:\/\/menuiserie-ferreira.com\/wp-content\/uploads\/2019\/11\/9.jpg\" alt=\"\" data-id=\"81\" data-link=\"https:\/\/menuiserie-ferreira.com\/?attachment_id=81\" class=\"wp-image-81\" srcset=\"https:\/\/menuiserie-ferreira.com\/wp-content\/uploads\/2019\/11\/9.jpg 667w, https:\/\/menuiserie-ferreira.com\/wp-content\/uploads\/2019\/11\/9-300x225.jpg 300w\" sizes=\"auto, (max-width: 667px) 100vw, 667px\" \/><\/a><figcaption class=\"blocks-gallery-item__caption\">les planches sont r\u00e9f\u00e9renc\u00e9s par des plaquettes indiquant la qualit\u00e9 , dimensions et date de sciage<\/figcaption><\/figure><\/li><li class=\"blocks-gallery-item\"><figure><a href=\"https:\/\/menuiserie-ferreira.com\/wp-content\/uploads\/2019\/11\/7.jpg\"><img loading=\"lazy\" decoding=\"async\" width=\"500\" height=\"262\" src=\"https:\/\/menuiserie-ferreira.com\/wp-content\/uploads\/2019\/11\/7.jpg\" alt=\"\" data-id=\"79\" data-link=\"https:\/\/menuiserie-ferreira.com\/?attachment_id=79\" class=\"wp-image-79\" srcset=\"https:\/\/menuiserie-ferreira.com\/wp-content\/uploads\/2019\/11\/7.jpg 500w, https:\/\/menuiserie-ferreira.com\/wp-content\/uploads\/2019\/11\/7-300x157.jpg 300w\" sizes=\"auto, (max-width: 500px) 100vw, 500px\" \/><\/a><figcaption class=\"blocks-gallery-item__caption\">pr\u00eat pour sa deuxi\u00e8me transformation<\/figcaption><\/figure><\/li><\/ul><\/figure>\n\n\n\n<p><\/p>\n","protected":false},"excerpt":{"rendered":"<p>Avant d&rsquo;\u00eatre porte , fen\u00eatre , escalier ou volet le bois a d\u00e9j\u00e0 une histoire je vais vous la raconter Pourquoi aller chercher loin la ressource , elle est a c\u00f4t\u00e9 de nous En parall\u00e8le de la menuiserie une unit\u00e9 de sciage a vu le jour , ce b\u00e2timent contient: une \u00e9corceuse a fraise une &hellip; <\/p>\n<p class=\"link-more\"><a href=\"https:\/\/menuiserie-ferreira.com\/?page_id=34\" class=\"more-link\">Continuer la lecture<span class=\"screen-reader-text\"> de &laquo;&nbsp;Scierie, parcours du bois&nbsp;&raquo;<\/span><\/a><\/p>\n","protected":false},"author":1,"featured_media":0,"parent":0,"menu_order":0,"comment_status":"closed","ping_status":"closed","template":"","meta":{"footnotes":""},"class_list":["post-34","page","type-page","status-publish","hentry"],"_links":{"self":[{"href":"https:\/\/menuiserie-ferreira.com\/index.php?rest_route=\/wp\/v2\/pages\/34","targetHints":{"allow":["GET"]}}],"collection":[{"href":"https:\/\/menuiserie-ferreira.com\/index.php?rest_route=\/wp\/v2\/pages"}],"about":[{"href":"https:\/\/menuiserie-ferreira.com\/index.php?rest_route=\/wp\/v2\/types\/page"}],"author":[{"embeddable":true,"href":"https:\/\/menuiserie-ferreira.com\/index.php?rest_route=\/wp\/v2\/users\/1"}],"replies":[{"embeddable":true,"href":"https:\/\/menuiserie-ferreira.com\/index.php?rest_route=%2Fwp%2Fv2%2Fcomments&post=34"}],"version-history":[{"count":16,"href":"https:\/\/menuiserie-ferreira.com\/index.php?rest_route=\/wp\/v2\/pages\/34\/revisions"}],"predecessor-version":[{"id":277,"href":"https:\/\/menuiserie-ferreira.com\/index.php?rest_route=\/wp\/v2\/pages\/34\/revisions\/277"}],"wp:attachment":[{"href":"https:\/\/menuiserie-ferreira.com\/index.php?rest_route=%2Fwp%2Fv2%2Fmedia&parent=34"}],"curies":[{"name":"wp","href":"https:\/\/api.w.org\/{rel}","templated":true}]}}